{"id":6666,"date":"2018-10-01T16:27:01","date_gmt":"2018-10-01T22:27:01","guid":{"rendered":"http:\/\/datos.bcs.gob.mx\/?page_id=6666"},"modified":"2018-10-29T14:27:20","modified_gmt":"2018-10-29T20:27:20","slug":"padron-platicas-conferencias-educacion-la-salud-en-municipio-los-cabos-2017-2018","status":"publish","type":"page","link":"https:\/\/datos.bcs.gob.mx\/?page_id=6666","title":{"rendered":"IMPLEMENTAR    ALTERNATIVAS QUE PROPICIEN LA PROTECCI\u00d3N DE LOS DERECHOS DE LAS NI\u00d1AS, NI\u00d1OS    Y ADOLESCENTES A TRAV\u00c9S PROGRAMAS DE DIFUSI\u00d3N Y PROMOCI\u00d3N CON LOS SEDIF, EN EL  MUNICIPIO DE LOS CABOS"},"content":{"rendered":"<p>\n<\/br><br \/>\n<br \/>\nPadr\u00f3n de Actividades Realizadas (Platicas y\/o Conferencias Educaci\u00f3n para la Salud  Municipio de los Cabos, Septiembre 2017-Agosto 2018)<br \/>\n<\/br><\/p>\n<div class=\"col-md-6\"><strong>Descargar<\/strong> <span class=\"glyphicon glyphicon-download-alt\"><\/span> <a class=\"btn btn-success btn-xs\" href=\"wp-content\/themes\/TemaSEPUIT\/assets\/images\/doc\/sedif\/PADRON DE ACTIVIDADES REALIZADAS (PLATICAS YO CONFERENCIAS EDUCACI\u00d3N PARA LA SALUD MUNICIPIO DE LOS CABOS. SEPTIEMBRE 2017-AGOSTO 2018.xlsx\">xls<\/a> <a class=\"btn btn-primary btn-xs\" href=\"wp-content\/themes\/TemaSEPUIT\/assets\/images\/doc\/sedif\/PADRON DE ACTIVIDADES REALIZADAS (PLATICAS YO CONFERENCIAS EDUCACI\u00d3N PARA LA SALUD MUNICIPIO DE LOS CABOS. SEPTIEMBRE 2017-AGOSTO 2018.csv\">csv<br \/>\n<\/a><\/div>\n<div style=\"padding-bottom:35px\" class=\"col-md-6\"><strong>Diccionario Descargar<\/strong> <span class=\"glyphicon glyphicon-download-alt\"><\/span>  <a class=\"btn btn-success btn-xs\" href=\"wp-content\/themes\/TemaSEPUIT\/assets\/images\/doc\/sedif\/DICCIONARIO_PADRON DE ACTIVIDADES REALIZADAS (PLATICAS YO CONFERENCIAS EDUCACION PARA LA SALUD MUNICIPIO DE LOS CABOS. SEPTIEMBRE 2017-AGOSTO 2018.xlsx\">xls<\/a> <a class=\"btn btn-primary btn-xs\" href=\"wp-content\/themes\/TemaSEPUIT\/assets\/images\/doc\/sedif\/DICCIONARIO_PADRON DE ACTIVIDADES REALIZADAS (PLATICAS YO CONFERENCIAS EDUCACION PARA LA SALUD MUNICIPIO DE LOS CABOS. SEPTIEMBRE 2017-AGOSTO 2018.csv\">csv<\/a><\/div>\n<p style=\"text-align: center;\"><span style=\"font-size: 16px;\"><strong>Metadato<\/strong><\/span><\/p>\n<table class=\"table table-striped\" width=\"816\" cellspacing=\"0\" cellpadding=\"0\">\n<tbody>\n<tr>\n<td bgcolor=\"#CCCCCC\"><strong>Campo<\/strong><\/td>\n<td bgcolor=\"#CCCCCC\"><strong>Valor<\/strong><\/td>\n<\/tr>\n<tr>\n<td width=\"249\">T\u00edtulo<\/td>\n<td width=\"561\">\n<p>Implementar alternativas que propicien la protecci\u00f3n de los  derechos de las ni\u00f1as, ni\u00f1os y adolescentes a trav\u00e9s programas de difusi\u00f3n y  promoci\u00f3n con los SEDIF en el municipio de Los Cabos<\/p>\n<\/td>\n<\/tr>\n<tr>\n<td width=\"249\">Descripci\u00f3n<\/td>\n<td width=\"561\">\n<p>Padr\u00f3n de actividades realizadas (platicas y\/o conferencias  educaci\u00f3n para la salud municipio de Los Cabos. Septiembre 2017-Agosto 2018)<\/p>\n<\/td>\n<\/tr>\n<tr>\n<td width=\"249\">Etiquetas<\/td>\n<td width=\"561\">\n<p>&quot;Promoci\u00f3n, difusi\u00f3n, platicas, conferencias&quot;<\/p>\n<\/td>\n<\/tr>\n<tr>\n<td width=\"249\">Publicado<\/td>\n<td width=\"561\">05\/09\/2018<\/td>\n<\/tr>\n<tr>\n<td width=\"249\">Frecuencia de Actualizaci\u00f3n<\/td>\n<td width=\"561\">Anual<\/td>\n<\/tr>\n<tr>\n<td width=\"249\">\u00daltima modificaci\u00f3n<\/td>\n<td width=\"561\">05\/09\/2018<\/td>\n<\/tr>\n<tr>\n<td width=\"249\">Tema<\/td>\n<td width=\"561\">Servicios<\/td>\n<\/tr>\n<tr>\n<td width=\"249\">Nombre del Publicador<\/td>\n<td width=\"561\">Sistema Estatal para el Desarrollo Integral de la Familia  del Estado de Baja California Sur<\/td>\n<\/tr>\n<tr>\n<td width=\"249\">Contacto<\/td>\n<td width=\"561\">Lic. Yesenia Ram\u00edrez Salda\u00f1a<\/td>\n<\/tr>\n<tr>\n<td width=\"249\">Correo electr\u00f3nico <\/td>\n<td width=\"561\"><a href=\"mailto:yesenia.ramirez@bcs.gob.mx\">yesenia.ramirez@bcs.gob.mx<\/a><\/td>\n<\/tr>\n<tr>\n<td width=\"249\">Identificador \u00fanico del documento en el cat\u00e1logo de la entidad<\/td>\n<td>BCS-SEDIF-PPNNA-DA011<\/td>\n<\/tr>\n<tr>\n<td width=\"249\">Nivel de acceso.<\/td>\n<td width=\"561\">P\u00fablico<\/td>\n<\/tr>\n<\/table>\n","protected":false},"excerpt":{"rendered":"<p>Padr\u00f3n de Actividades Realizadas (Platicas y\/o Conferencias Educaci\u00f3n para la Salud Municipio de los Cabos, Septiembre 2017-Agosto 2018) Descargar xls csv Diccionario Descargar xls csv Metadato Campo Valor T\u00edtulo Implementar alternativas que propicien la protecci\u00f3n de los derechos de las ni\u00f1as, ni\u00f1os y adolescentes a trav\u00e9s programas de difusi\u00f3n y promoci\u00f3n con los SEDIF en &hellip; <a href=\"https:\/\/datos.bcs.gob.mx\/?page_id=6666\">Continued<\/a><\/p>\n","protected":false},"author":1,"featured_media":0,"parent":0,"menu_order":0,"comment_status":"closed","ping_status":"closed","template":"templates\/barra.php","meta":{"_acf_changed":false,"footnotes":"","_links_to":"","_links_to_target":""},"class_list":["post-6666","page","type-page","status-publish","hentry","catalogo_de_datos-dif"],"acf":[],"_links":{"self":[{"href":"https:\/\/datos.bcs.gob.mx\/index.php?rest_route=\/wp\/v2\/pages\/6666"}],"collection":[{"href":"https:\/\/datos.bcs.gob.mx\/index.php?rest_route=\/wp\/v2\/pages"}],"about":[{"href":"https:\/\/datos.bcs.gob.mx\/index.php?rest_route=\/wp\/v2\/types\/page"}],"author":[{"embeddable":true,"href":"https:\/\/datos.bcs.gob.mx\/index.php?rest_route=\/wp\/v2\/users\/1"}],"replies":[{"embeddable":true,"href":"https:\/\/datos.bcs.gob.mx\/index.php?rest_route=%2Fwp%2Fv2%2Fcomments&post=6666"}],"version-history":[{"count":10,"href":"https:\/\/datos.bcs.gob.mx\/index.php?rest_route=\/wp\/v2\/pages\/6666\/revisions"}],"predecessor-version":[{"id":7298,"href":"https:\/\/datos.bcs.gob.mx\/index.php?rest_route=\/wp\/v2\/pages\/6666\/revisions\/7298"}],"wp:attachment":[{"href":"https:\/\/datos.bcs.gob.mx\/index.php?rest_route=%2Fwp%2Fv2%2Fmedia&parent=6666"}],"curies":[{"name":"wp","href":"https:\/\/api.w.org\/{rel}","templated":true}]}}