{"id":5342,"date":"2018-08-27T13:46:58","date_gmt":"2018-08-27T19:46:58","guid":{"rendered":"http:\/\/datos.bcs.gob.mx\/?page_id=5342"},"modified":"2018-12-10T18:06:42","modified_gmt":"2018-12-11T00:06:42","slug":"infraestructura","status":"publish","type":"page","link":"https:\/\/datos.bcs.gob.mx\/?page_id=5342","title":{"rendered":"Infraestructura y Movilidad"},"content":{"rendered":"<p style=\"font-size:140%;\"><strong>14 Conjuntos de datos publicados<\/strong><\/p>\n<p><\/br><br \/>\n<style>.wp-show-posts-columns#wpsp-6161 {margin-left: -2em; }.wp-show-posts-columns#wpsp-6161 .wp-show-posts-inner {margin: 0 0 2em 2em; }<\/style><section id=\"wpsp-6161\" class=\" wp-show-posts\" style=\"\"><article class=\" wp-show-posts-single wpsp-clearfix post-6444 page type-page status-publish hentry catalogo_de_datos-sepuim\" itemtype=\"http:\/\/schema.org\/CreativeWork\" itemscope><div class=\"wp-show-posts-inner\" style=\"\">\t\t\t\t\t\t<header class=\"wp-show-posts-entry-header\">\n\t\t\t\t\t\t\t<h5 class=\"wp-show-posts-entry-title\" itemprop=\"headline\"><a href=\"https:\/\/datos.bcs.gob.mx\/?page_id=6444\" rel=\"bookmark\">VEH\u00cdCULOS IMPORTADOS EN EL MUNICIPIO DE MULEG\u00c9 DEL A\u00d1O 2018<\/a><\/h5><div class=\"wp-show-posts-entry-meta wp-show-posts-entry-meta-below-title post-meta-inline\"><span class=\"wp-show-posts-posted-on wp-show-posts-meta\">\n\t\t\t\t\t<a href=\"https:\/\/datos.bcs.gob.mx\/?page_id=6444\" title=\"7:18 pm\" rel=\"bookmark\"><time class=\"wp-show-posts-entry-date published\" datetime=\"2018-09-25T19:18:57-06:00\" itemprop=\"datePublished\">25 septiembre, 2018<\/time><time class=\"wp-show-posts-updated\" datetime=\"2018-12-10T17:52:47-06:00\" itemprop=\"dateModified\">10 diciembre, 2018<\/time><\/a>\n\t\t\t\t<\/span><\/div>\t\t\t\t\t\t<\/header><!-- .entry-header -->\n\t\t\t\t\t<\/div><!-- wp-show-posts-inner --><div class=\"wpsp-clear\"><\/div><\/article><article class=\" wp-show-posts-single wpsp-clearfix post-6440 page type-page status-publish hentry catalogo_de_datos-sepuim\" itemtype=\"http:\/\/schema.org\/CreativeWork\" itemscope><div class=\"wp-show-posts-inner\" style=\"\">\t\t\t\t\t\t<header class=\"wp-show-posts-entry-header\">\n\t\t\t\t\t\t\t<h5 class=\"wp-show-posts-entry-title\" itemprop=\"headline\"><a href=\"https:\/\/datos.bcs.gob.mx\/?page_id=6440\" rel=\"bookmark\">VEH\u00cdCULOS NACIONALES EN EL MUNICIPIO DE MULEG\u00c9 DEL A\u00d1O  2018<\/a><\/h5><div class=\"wp-show-posts-entry-meta wp-show-posts-entry-meta-below-title post-meta-inline\"><span class=\"wp-show-posts-posted-on wp-show-posts-meta\">\n\t\t\t\t\t<a href=\"https:\/\/datos.bcs.gob.mx\/?page_id=6440\" title=\"7:07 pm\" rel=\"bookmark\"><time class=\"wp-show-posts-entry-date published\" datetime=\"2018-09-25T19:07:48-06:00\" itemprop=\"datePublished\">25 septiembre, 2018<\/time><time class=\"wp-show-posts-updated\" datetime=\"2019-01-24T15:43:00-06:00\" itemprop=\"dateModified\">24 enero, 2019<\/time><\/a>\n\t\t\t\t<\/span><\/div>\t\t\t\t\t\t<\/header><!-- .entry-header -->\n\t\t\t\t\t<\/div><!-- wp-show-posts-inner --><div class=\"wpsp-clear\"><\/div><\/article><article class=\" wp-show-posts-single wpsp-clearfix post-6437 page type-page status-publish hentry catalogo_de_datos-sepuim\" itemtype=\"http:\/\/schema.org\/CreativeWork\" itemscope><div class=\"wp-show-posts-inner\" style=\"\">\t\t\t\t\t\t<header class=\"wp-show-posts-entry-header\">\n\t\t\t\t\t\t\t<h5 class=\"wp-show-posts-entry-title\" itemprop=\"headline\"><a href=\"https:\/\/datos.bcs.gob.mx\/?page_id=6437\" rel=\"bookmark\">VEH\u00cdCULOS IMPORTADOS EN EL MUNICIPIO DE LORETO DEL A\u00d1O 2018<\/a><\/h5><div class=\"wp-show-posts-entry-meta wp-show-posts-entry-meta-below-title post-meta-inline\"><span class=\"wp-show-posts-posted-on wp-show-posts-meta\">\n\t\t\t\t\t<a href=\"https:\/\/datos.bcs.gob.mx\/?page_id=6437\" title=\"6:56 pm\" rel=\"bookmark\"><time class=\"wp-show-posts-entry-date published\" datetime=\"2018-09-25T18:56:25-06:00\" itemprop=\"datePublished\">25 septiembre, 2018<\/time><time class=\"wp-show-posts-updated\" datetime=\"2018-12-10T17:51:54-06:00\" itemprop=\"dateModified\">10 diciembre, 2018<\/time><\/a>\n\t\t\t\t<\/span><\/div>\t\t\t\t\t\t<\/header><!-- .entry-header -->\n\t\t\t\t\t<\/div><!-- wp-show-posts-inner --><div class=\"wpsp-clear\"><\/div><\/article><article class=\" wp-show-posts-single wpsp-clearfix post-6434 page type-page status-publish hentry catalogo_de_datos-sepuim\" itemtype=\"http:\/\/schema.org\/CreativeWork\" itemscope><div class=\"wp-show-posts-inner\" style=\"\">\t\t\t\t\t\t<header class=\"wp-show-posts-entry-header\">\n\t\t\t\t\t\t\t<h5 class=\"wp-show-posts-entry-title\" itemprop=\"headline\"><a href=\"https:\/\/datos.bcs.gob.mx\/?page_id=6434\" rel=\"bookmark\">VEH\u00cdCULOS NACIONALES EN EL MUNICIPIO DE LORETO DEL A\u00d1O 2018<\/a><\/h5><div class=\"wp-show-posts-entry-meta wp-show-posts-entry-meta-below-title post-meta-inline\"><span class=\"wp-show-posts-posted-on wp-show-posts-meta\">\n\t\t\t\t\t<a href=\"https:\/\/datos.bcs.gob.mx\/?page_id=6434\" title=\"6:49 pm\" rel=\"bookmark\"><time class=\"wp-show-posts-entry-date published\" datetime=\"2018-09-25T18:49:24-06:00\" itemprop=\"datePublished\">25 septiembre, 2018<\/time><time class=\"wp-show-posts-updated\" datetime=\"2018-12-10T18:01:16-06:00\" itemprop=\"dateModified\">10 diciembre, 2018<\/time><\/a>\n\t\t\t\t<\/span><\/div>\t\t\t\t\t\t<\/header><!-- .entry-header -->\n\t\t\t\t\t<\/div><!-- wp-show-posts-inner --><div class=\"wpsp-clear\"><\/div><\/article><article class=\" wp-show-posts-single wpsp-clearfix post-6428 page type-page status-publish hentry catalogo_de_datos-sepuim\" itemtype=\"http:\/\/schema.org\/CreativeWork\" itemscope><div class=\"wp-show-posts-inner\" style=\"\">\t\t\t\t\t\t<header class=\"wp-show-posts-entry-header\">\n\t\t\t\t\t\t\t<h5 class=\"wp-show-posts-entry-title\" itemprop=\"headline\"><a href=\"https:\/\/datos.bcs.gob.mx\/?page_id=6428\" rel=\"bookmark\">VEH\u00cdCULOS IMPORTADOS DEL MUNICIPIO DE LA PAZ DEL A\u00d1O 2018<\/a><\/h5><div class=\"wp-show-posts-entry-meta wp-show-posts-entry-meta-below-title post-meta-inline\"><span class=\"wp-show-posts-posted-on wp-show-posts-meta\">\n\t\t\t\t\t<a href=\"https:\/\/datos.bcs.gob.mx\/?page_id=6428\" title=\"3:54 pm\" rel=\"bookmark\"><time class=\"wp-show-posts-entry-date published\" datetime=\"2018-09-25T15:54:00-06:00\" itemprop=\"datePublished\">25 septiembre, 2018<\/time><time class=\"wp-show-posts-updated\" datetime=\"2018-12-10T17:55:45-06:00\" itemprop=\"dateModified\">10 diciembre, 2018<\/time><\/a>\n\t\t\t\t<\/span><\/div>\t\t\t\t\t\t<\/header><!-- .entry-header -->\n\t\t\t\t\t<\/div><!-- wp-show-posts-inner --><div class=\"wpsp-clear\"><\/div><\/article><article class=\" wp-show-posts-single wpsp-clearfix post-6414 page type-page status-publish hentry catalogo_de_datos-sepuim\" itemtype=\"http:\/\/schema.org\/CreativeWork\" itemscope><div class=\"wp-show-posts-inner\" style=\"\">\t\t\t\t\t\t<header class=\"wp-show-posts-entry-header\">\n\t\t\t\t\t\t\t<h5 class=\"wp-show-posts-entry-title\" itemprop=\"headline\"><a href=\"https:\/\/datos.bcs.gob.mx\/?page_id=6414\" rel=\"bookmark\">VEH\u00cdCULOS NACIONALES EN EL MUNICIPIO DE LA PAZ DEL A\u00d1O  2018<\/a><\/h5><div class=\"wp-show-posts-entry-meta wp-show-posts-entry-meta-below-title post-meta-inline\"><span class=\"wp-show-posts-posted-on wp-show-posts-meta\">\n\t\t\t\t\t<a href=\"https:\/\/datos.bcs.gob.mx\/?page_id=6414\" title=\"3:31 pm\" rel=\"bookmark\"><time class=\"wp-show-posts-entry-date published\" datetime=\"2018-09-25T15:31:46-06:00\" itemprop=\"datePublished\">25 septiembre, 2018<\/time><time class=\"wp-show-posts-updated\" datetime=\"2018-12-10T17:58:13-06:00\" itemprop=\"dateModified\">10 diciembre, 2018<\/time><\/a>\n\t\t\t\t<\/span><\/div>\t\t\t\t\t\t<\/header><!-- .entry-header -->\n\t\t\t\t\t<\/div><!-- wp-show-posts-inner --><div class=\"wpsp-clear\"><\/div><\/article><article class=\" wp-show-posts-single wpsp-clearfix post-6406 page type-page status-publish hentry catalogo_de_datos-sepuim\" itemtype=\"http:\/\/schema.org\/CreativeWork\" itemscope><div class=\"wp-show-posts-inner\" style=\"\">\t\t\t\t\t\t<header class=\"wp-show-posts-entry-header\">\n\t\t\t\t\t\t\t<h5 class=\"wp-show-posts-entry-title\" itemprop=\"headline\"><a href=\"https:\/\/datos.bcs.gob.mx\/?page_id=6406\" rel=\"bookmark\">VEH\u00cdCULOS IMPORTADOS DEL MUNICIPIO DE LOS CABOS  DEL A\u00d1O  2018<\/a><\/h5><div class=\"wp-show-posts-entry-meta wp-show-posts-entry-meta-below-title post-meta-inline\"><span class=\"wp-show-posts-posted-on wp-show-posts-meta\">\n\t\t\t\t\t<a href=\"https:\/\/datos.bcs.gob.mx\/?page_id=6406\" title=\"3:17 pm\" rel=\"bookmark\"><time class=\"wp-show-posts-entry-date published\" datetime=\"2018-09-25T15:17:12-06:00\" itemprop=\"datePublished\">25 septiembre, 2018<\/time><time class=\"wp-show-posts-updated\" datetime=\"2018-12-10T17:50:55-06:00\" itemprop=\"dateModified\">10 diciembre, 2018<\/time><\/a>\n\t\t\t\t<\/span><\/div>\t\t\t\t\t\t<\/header><!-- .entry-header -->\n\t\t\t\t\t<\/div><!-- wp-show-posts-inner --><div class=\"wpsp-clear\"><\/div><\/article><article class=\" wp-show-posts-single wpsp-clearfix post-6400 page type-page status-publish hentry catalogo_de_datos-sepuim\" itemtype=\"http:\/\/schema.org\/CreativeWork\" itemscope><div class=\"wp-show-posts-inner\" style=\"\">\t\t\t\t\t\t<header class=\"wp-show-posts-entry-header\">\n\t\t\t\t\t\t\t<h5 class=\"wp-show-posts-entry-title\" itemprop=\"headline\"><a href=\"https:\/\/datos.bcs.gob.mx\/?page_id=6400\" rel=\"bookmark\">VEH\u00cdCULOS NACIONALES EN EL MUNICIPIO DE LOS CABOS DEL A\u00d1O 2018<\/a><\/h5><div class=\"wp-show-posts-entry-meta wp-show-posts-entry-meta-below-title post-meta-inline\"><span class=\"wp-show-posts-posted-on wp-show-posts-meta\">\n\t\t\t\t\t<a href=\"https:\/\/datos.bcs.gob.mx\/?page_id=6400\" title=\"3:02 pm\" rel=\"bookmark\"><time class=\"wp-show-posts-entry-date published\" datetime=\"2018-09-25T15:02:56-06:00\" itemprop=\"datePublished\">25 septiembre, 2018<\/time><time class=\"wp-show-posts-updated\" datetime=\"2018-12-10T18:02:05-06:00\" itemprop=\"dateModified\">10 diciembre, 2018<\/time><\/a>\n\t\t\t\t<\/span><\/div>\t\t\t\t\t\t<\/header><!-- .entry-header -->\n\t\t\t\t\t<\/div><!-- wp-show-posts-inner --><div class=\"wpsp-clear\"><\/div><\/article><article class=\" wp-show-posts-single wpsp-clearfix post-6386 page type-page status-publish hentry catalogo_de_datos-sepuim\" itemtype=\"http:\/\/schema.org\/CreativeWork\" itemscope><div class=\"wp-show-posts-inner\" style=\"\">\t\t\t\t\t\t<header class=\"wp-show-posts-entry-header\">\n\t\t\t\t\t\t\t<h5 class=\"wp-show-posts-entry-title\" itemprop=\"headline\"><a href=\"https:\/\/datos.bcs.gob.mx\/?page_id=6386\" rel=\"bookmark\">VEH\u00cdCULOS NACIONALES EN EL MUNICIPIO DE COMOND\u00da DEL A\u00d1O 2018<\/a><\/h5><div class=\"wp-show-posts-entry-meta wp-show-posts-entry-meta-below-title post-meta-inline\"><span class=\"wp-show-posts-posted-on wp-show-posts-meta\">\n\t\t\t\t\t<a href=\"https:\/\/datos.bcs.gob.mx\/?page_id=6386\" title=\"2:13 pm\" rel=\"bookmark\"><time class=\"wp-show-posts-entry-date published\" datetime=\"2018-09-25T14:13:45-06:00\" itemprop=\"datePublished\">25 septiembre, 2018<\/time><time class=\"wp-show-posts-updated\" datetime=\"2018-12-10T17:57:11-06:00\" itemprop=\"dateModified\">10 diciembre, 2018<\/time><\/a>\n\t\t\t\t<\/span><\/div>\t\t\t\t\t\t<\/header><!-- .entry-header -->\n\t\t\t\t\t<\/div><!-- wp-show-posts-inner --><div class=\"wpsp-clear\"><\/div><\/article><article class=\" wp-show-posts-single wpsp-clearfix post-6376 page type-page status-publish hentry catalogo_de_datos-sepuim\" itemtype=\"http:\/\/schema.org\/CreativeWork\" itemscope><div class=\"wp-show-posts-inner\" style=\"\">\t\t\t\t\t\t<header class=\"wp-show-posts-entry-header\">\n\t\t\t\t\t\t\t<h5 class=\"wp-show-posts-entry-title\" itemprop=\"headline\"><a href=\"https:\/\/datos.bcs.gob.mx\/?page_id=6376\" rel=\"bookmark\">VEH\u00cdCULOS IMPORTADOS DEL MUNICIPIO DE COMOND\u00da DEL A\u00d1O 2018<\/a><\/h5><div class=\"wp-show-posts-entry-meta wp-show-posts-entry-meta-below-title post-meta-inline\"><span class=\"wp-show-posts-posted-on wp-show-posts-meta\">\n\t\t\t\t\t<a href=\"https:\/\/datos.bcs.gob.mx\/?page_id=6376\" title=\"1:48 pm\" rel=\"bookmark\"><time class=\"wp-show-posts-entry-date published\" datetime=\"2018-09-25T13:48:43-06:00\" itemprop=\"datePublished\">25 septiembre, 2018<\/time><time class=\"wp-show-posts-updated\" datetime=\"2018-12-10T17:48:03-06:00\" itemprop=\"dateModified\">10 diciembre, 2018<\/time><\/a>\n\t\t\t\t<\/span><\/div>\t\t\t\t\t\t<\/header><!-- .entry-header -->\n\t\t\t\t\t<\/div><!-- wp-show-posts-inner --><div class=\"wpsp-clear\"><\/div><\/article><\/section><!-- .wp-show-posts --><div class=\"wpsp-load-more\"><span aria-current=\"page\" class=\"page-numbers current\">1<\/span>\n<a class=\"page-numbers\" href=\"https:\/\/datos.bcs.gob.mx\/index.php\/?paged=2&#038;rest_route=%2Fwp%2Fv2%2Fpages%2F5342\">2<\/a>\n<a class=\"next page-numbers\" href=\"https:\/\/datos.bcs.gob.mx\/index.php\/?paged=2&#038;rest_route=%2Fwp%2Fv2%2Fpages%2F5342\">Next &rarr;<\/a><\/div>\n<!--\n<a href=\"\/?page_id=6162\">Secretar\u00eda de Planeaci\u00f3n Urbana Infraestructura y Movilidad<\/a> --><\/p>\n","protected":false},"excerpt":{"rendered":"<p>14 Conjuntos de datos publicados<\/p>\n","protected":false},"author":1,"featured_media":0,"parent":0,"menu_order":0,"comment_status":"closed","ping_status":"closed","template":"templates\/barra.php","meta":{"_acf_changed":false,"footnotes":"","_links_to":"","_links_to_target":""},"class_list":["post-5342","page","type-page","status-publish","hentry"],"acf":[],"_links":{"self":[{"href":"https:\/\/datos.bcs.gob.mx\/index.php?rest_route=\/wp\/v2\/pages\/5342"}],"collection":[{"href":"https:\/\/datos.bcs.gob.mx\/index.php?rest_route=\/wp\/v2\/pages"}],"about":[{"href":"https:\/\/datos.bcs.gob.mx\/index.php?rest_route=\/wp\/v2\/types\/page"}],"author":[{"embeddable":true,"href":"https:\/\/datos.bcs.gob.mx\/index.php?rest_route=\/wp\/v2\/users\/1"}],"replies":[{"embeddable":true,"href":"https:\/\/datos.bcs.gob.mx\/index.php?rest_route=%2Fwp%2Fv2%2Fcomments&post=5342"}],"version-history":[{"count":11,"href":"https:\/\/datos.bcs.gob.mx\/index.php?rest_route=\/wp\/v2\/pages\/5342\/revisions"}],"predecessor-version":[{"id":7516,"href":"https:\/\/datos.bcs.gob.mx\/index.php?rest_route=\/wp\/v2\/pages\/5342\/revisions\/7516"}],"wp:attachment":[{"href":"https:\/\/datos.bcs.gob.mx\/index.php?rest_route=%2Fwp%2Fv2%2Fmedia&parent=5342"}],"curies":[{"name":"wp","href":"https:\/\/api.w.org\/{rel}","templated":true}]}}